{"id":1426,"date":"2024-10-28T17:07:33","date_gmt":"2024-10-28T20:07:33","guid":{"rendered":"https:\/\/pffa.com.br\/?page_id=1426"},"modified":"2026-04-08T16:19:05","modified_gmt":"2026-04-08T19:19:05","slug":"halissa-carvalho-giti","status":"publish","type":"page","link":"https:\/\/pffa.com.br\/en\/halissa-carvalho-giti\/","title":{"rendered":"Halissa Carvalho Giti"},"content":{"rendered":"<div data-elementor-type=\"wp-page\" data-elementor-id=\"1426\" class=\"elementor elementor-1426\" data-elementor-post-type=\"page\">\n\t\t\t\t<div class=\"elementor-element elementor-element-4472d59 e-flex e-con-boxed e-con e-parent\" data-id=\"4472d59\" data-element_type=\"container\" data-settings=\"{&quot;jet_parallax_layout_list&quot;:[]}\">\n\t\t\t\t\t<div class=\"e-con-inner\">\n\t\t<div class=\"elementor-element elementor-element-217b1a8 e-con-full e-flex e-con e-child\" data-id=\"217b1a8\" data-element_type=\"container\" data-settings=\"{&quot;jet_parallax_layout_list&quot;:[],&quot;sticky&quot;:&quot;top&quot;,&quot;sticky_on&quot;:[&quot;desktop&quot;,&quot;tablet&quot;],&quot;sticky_offset&quot;:20,&quot;sticky_parent&quot;:&quot;yes&quot;,&quot;sticky_effects_offset&quot;:0}\">\n\t\t\t\t<div class=\"elementor-element elementor-element-c7a496a elementor-widget elementor-widget-image\" data-id=\"c7a496a\" data-element_type=\"widget\" data-widget_type=\"image.default\">\n\t\t\t\t<div class=\"elementor-widget-container\">\n\t\t\t\t\t\t\t\t\t\t\t\t\t<img fetchpriority=\"high\" decoding=\"async\" width=\"500\" height=\"566\" src=\"https:\/\/pffa.com.br\/wp-content\/uploads\/2024\/08\/PFFA_Advogados-Halissa-_Giti.webp\" class=\"attachment-large size-large wp-image-355\" alt=\"\" srcset=\"https:\/\/pffa.com.br\/wp-content\/uploads\/2024\/08\/PFFA_Advogados-Halissa-_Giti.webp 500w, https:\/\/pffa.com.br\/wp-content\/uploads\/2024\/08\/PFFA_Advogados-Halissa-_Giti-265x300.webp 265w\" sizes=\"(max-width: 500px) 100vw, 500px\" \/>\t\t\t\t\t\t\t\t\t\t\t\t\t<\/div>\n\t\t\t\t<\/div>\n\t\t\t\t<\/div>\n\t\t<div class=\"elementor-element elementor-element-9a56cd6 e-con-full e-flex e-con e-child\" data-id=\"9a56cd6\" data-element_type=\"container\" data-settings=\"{&quot;jet_parallax_layout_list&quot;:[]}\">\n\t\t<div class=\"elementor-element elementor-element-badf2da e-con-full e-flex e-con e-child\" data-id=\"badf2da\" data-element_type=\"container\" data-settings=\"{&quot;jet_parallax_layout_list&quot;:[]}\">\n\t\t\t\t<div class=\"elementor-element elementor-element-f405acc elementor-widget elementor-widget-heading\" data-id=\"f405acc\" data-element_type=\"widget\" data-widget_type=\"heading.default\">\n\t\t\t\t<div class=\"elementor-widget-container\">\n\t\t\t<h2 class=\"elementor-heading-title elementor-size-default\">Halissa Carvalho Giti<\/h2>\t\t<\/div>\n\t\t\t\t<\/div>\n\t\t\t\t<div class=\"elementor-element elementor-element-fe0572e elementor-view-stacked elementor-shape-square elementor-widget elementor-widget-icon\" data-id=\"fe0572e\" data-element_type=\"widget\" data-widget_type=\"icon.default\">\n\t\t\t\t<div class=\"elementor-widget-container\">\n\t\t\t\t\t<div class=\"elementor-icon-wrapper\">\n\t\t\t<a class=\"elementor-icon\" href=\"https:\/\/www.linkedin.com\/in\/halissa-giti-739811130\/?originalSubdomain=br\" target=\"_blank\">\n\t\t\t<svg aria-hidden=\"true\" class=\"e-font-icon-svg e-fab-linkedin-in\" viewbox=\"0 0 448 512\" xmlns=\"http:\/\/www.w3.org\/2000\/svg\"><path d=\"M100.28 448H7.4V148.9h92.88zM53.79 108.1C24.09 108.1 0 83.5 0 53.8a53.79 53.79 0 0 1 107.58 0c0 29.7-24.1 54.3-53.79 54.3zM447.9 448h-92.68V302.4c0-34.7-.7-79.2-48.29-79.2-48.29 0-55.69 37.7-55.69 76.7V448h-92.78V148.9h89.08v40.8h1.3c12.4-23.5 42.69-48.3 87.88-48.3 94 0 111.28 61.9 111.28 142.3V448z\"><\/path><\/svg>\t\t\t<\/a>\n\t\t<\/div>\n\t\t\t\t<\/div>\n\t\t\t\t<\/div>\n\t\t\t\t<\/div>\n\t\t\t\t<div class=\"elementor-element elementor-element-67398d1 elementor-widget elementor-widget-text-editor\" data-id=\"67398d1\" data-element_type=\"widget\" data-widget_type=\"text-editor.default\">\n\t\t\t\t<div class=\"elementor-widget-container\">\n\t\t\t\t\t\t\t<ul><li>Advogada associada do Ferr\u00e3o &amp; Ferr\u00e3o Advogados Associados.<br \/>Atuante em Direito Digital e Prote\u00e7\u00e3o de Dados Pessoais.<\/li><li>Especialista em Processo Civil pela Est\u00e1cio de S\u00e1 \/ CERS.<\/li><li>Especialista em Direito e Processo Penal pela Universidade C\u00e2ndido Mendes.<\/li><li>Especialista em Direito e Processo do Trabalho pelo Instituto Dam\u00e1sio de Direito.<\/li><li>P\u00f3s-graduanda em Direito Digital e Compliance, assim como em Direito Contratual<br \/>pela Faculdade L\u00edbano.<\/li><\/ul>\t\t\t\t\t\t<\/div>\n\t\t\t\t<\/div>\n\t\t\t\t<div class=\"elementor-element elementor-element-45efddc elementor-widget elementor-widget-n-accordion\" data-id=\"45efddc\" data-element_type=\"widget\" data-settings=\"{&quot;default_state&quot;:&quot;all_collapsed&quot;,&quot;max_items_expended&quot;:&quot;one&quot;,&quot;n_accordion_animation_duration&quot;:{&quot;unit&quot;:&quot;ms&quot;,&quot;size&quot;:400,&quot;sizes&quot;:[]}}\" data-widget_type=\"nested-accordion.default\">\n\t\t\t\t<div class=\"elementor-widget-container\">\n\t\t\t\t\t<div class=\"e-n-accordion\" aria-label=\"Accordion. Open links with Enter or Space, close with Escape, and navigate with Arrow Keys\">\n\t\t\t\t\t\t<details id=\"e-n-accordion-item-7330\" class=\"e-n-accordion-item\" >\n\t\t\t\t<summary class=\"e-n-accordion-item-title\" data-accordion-index=\"1\" tabindex=\"0\" aria-expanded=\"false\" aria-controls=\"e-n-accordion-item-7330\" >\n\t\t\t\t\t<span class='e-n-accordion-item-title-header'><div class=\"e-n-accordion-item-title-text\"> Atividades Complementares e Cursos <\/div><\/span>\n\t\t\t\t\t\t\t<span class='e-n-accordion-item-title-icon'>\n\t\t\t<span class='e-opened' ><svg aria-hidden=\"true\" class=\"e-font-icon-svg e-fas-minus\" viewbox=\"0 0 448 512\" xmlns=\"http:\/\/www.w3.org\/2000\/svg\"><path d=\"M416 208H32c-17.67 0-32 14.33-32 32v32c0 17.67 14.33 32 32 32h384c17.67 0 32-14.33 32-32v-32c0-17.67-14.33-32-32-32z\"><\/path><\/svg><\/span>\n\t\t\t<span class='e-closed'><svg aria-hidden=\"true\" class=\"e-font-icon-svg e-fas-plus\" viewbox=\"0 0 448 512\" xmlns=\"http:\/\/www.w3.org\/2000\/svg\"><path d=\"M416 208H272V64c0-17.67-14.33-32-32-32h-32c-17.67 0-32 14.33-32 32v144H32c-17.67 0-32 14.33-32 32v32c0 17.67 14.33 32 32 32h144v144c0 17.67 14.33 32 32 32h32c17.67 0 32-14.33 32-32V304h144c17.67 0 32-14.33 32-32v-32c0-17.67-14.33-32-32-32z\"><\/path><\/svg><\/span>\n\t\t<\/span>\n\n\t\t\t\t\t\t<\/summary>\n\t\t\t\t<div role=\"region\" aria-labelledby=\"e-n-accordion-item-7330\" class=\"elementor-element elementor-element-fb2a13a e-flex e-con-boxed e-con e-child\" data-id=\"fb2a13a\" data-element_type=\"container\" data-settings=\"{&quot;jet_parallax_layout_list&quot;:[]}\">\n\t\t\t\t\t<div class=\"e-con-inner\">\n\t\t\t\t<div class=\"elementor-element elementor-element-04522d4 elementor-widget elementor-widget-text-editor\" data-id=\"04522d4\" data-element_type=\"widget\" data-widget_type=\"text-editor.default\">\n\t\t\t\t<div class=\"elementor-widget-container\">\n\t\t\t\t\t\t\t<p>\u2022 PROJETO DE ENSINO \u201cTRIBUNAL DO J\u00daRI SIMULADO\u201d<br \/>Participante | UEMS Paranaiba-MS | Setembro\/2016.<br \/>\u2022 EVENTO DE EXTENS\u00c3O \u201cII SEMIN\u00c1RIO DE G\u00caNERO E DIVERSIDADE SEXUAL: sentidos e significados\u201d<\/p><p>Participante | UEMS Paranaiba-MS | Junho\/2016.<br \/>\u2022 SIMP\u00d3SIO CIENT\u00cdFICO E CULTURAL \u201cXI SCIENCULT: M\u00eddia, a produ\u00e7\u00e3o do consenso e a cultura da viol\u00eancia.\u201d<\/p><p>Monitoria e Participa\u00e7\u00e3o | UEMS Paranaiba-MS | Novembro\/2016.<br \/>\u2022 IX CONGRESSO \u00cdCONES DO DIREITO EM CAMPO GRANDE<\/p><p>Participante | Centro de Conven\u00e7\u00f5es Gil de Camilo, Campo Grande MS | Mar\u00e7o\/2015<br \/>\u2022 XIX CONGRESSO DO DIRET\u00d3RIO CENTRAL DOS ESTUDANTES DA UEMS<\/p><p>Participante | Ponta Por\u00e3-MS | Setembro\/2014<br \/>\u2022 VIII CONGRESSO \u00cdCONES DO DIREITO EM CAMPO GRANDE<\/p><p>Participante | Centro de Conven\u00e7\u00f5es Gil de Camilo, Campo Grande MS | Mar\u00e7o\/2014<br \/>\u2022 SIMP\u00d3SIO CIENT\u00cdFICO E CULTURAL \u201cIX SCIENCULT\u201d<\/p><p>Participante | UEMS Paranaiba-MS | Outubro\/2012<br \/>\u2022 II ENCONTRO INTERNACIONAL DE DIREITOS HUMANOS \u201cDesenvolvimento Sustent\u00e1vel e Direitos Humanos: avan\u00e7os e retrocessos\u201d<\/p><p>Participante | UEMS Parana\u00edba-MS | Agosto\/2012<br \/>\u2022 Curso \u201cDESTRAVANDO NA ADVOCACIA\u201d \u2013 Online | Janeiro\/2021<\/p>\t\t\t\t\t\t<\/div>\n\t\t\t\t<\/div>\n\t\t\t\t\t<\/div>\n\t\t\t\t<\/div>\n\t\t\t\t\t<\/details>\n\t\t\t\t\t<\/div>\n\t\t\t\t<\/div>\n\t\t\t\t<\/div>\n\t\t\t\t<\/div>\n\t\t\t\t\t<\/div>\n\t\t\t\t<\/div>\n\t\t\t\t<\/div>","protected":false},"excerpt":{"rendered":"<p>Halissa Carvalho Giti Advogada associada do Ferr\u00e3o &amp; Ferr\u00e3o Advogados Associados.Atuante em Direito Digital e Prote\u00e7\u00e3o de Dados Pessoais. Especialista em Processo Civil pela Est\u00e1cio de S\u00e1 \/ CERS. Especialista em Direito e Processo Penal pela Universidade C\u00e2ndido Mendes. Especialista em Direito e Processo do Trabalho pelo Instituto Dam\u00e1sio de Direito. P\u00f3s-graduanda em Direito Digital [&hellip;]<\/p>","protected":false},"author":1,"featured_media":0,"parent":0,"menu_order":0,"comment_status":"closed","ping_status":"closed","template":"elementor_header_footer","meta":{"footnotes":""},"class_list":["post-1426","page","type-page","status-publish","hentry"],"yoast_head":"<!-- This site is optimized with the Yoast SEO plugin v22.6 - https:\/\/yoast.com\/wordpress\/plugins\/seo\/ -->\n<title>Halissa Carvalho Giti - Ferr\u00e3o<\/title>\n<meta name=\"robots\" content=\"index, follow, max-snippet:-1, max-image-preview:large, max-video-preview:-1\" \/>\n<link rel=\"canonical\" href=\"https:\/\/pffa.com.br\/en\/halissa-carvalho-giti\/\" \/>\n<meta property=\"og:locale\" content=\"en_US\" \/>\n<meta property=\"og:type\" content=\"article\" \/>\n<meta property=\"og:title\" content=\"Halissa Carvalho Giti - Ferr\u00e3o\" \/>\n<meta property=\"og:description\" content=\"Halissa Carvalho Giti Advogada associada do Ferr\u00e3o &amp; Ferr\u00e3o Advogados Associados.Atuante em Direito Digital e Prote\u00e7\u00e3o de Dados Pessoais. Especialista em Processo Civil pela Est\u00e1cio de S\u00e1 \/ CERS. Especialista em Direito e Processo Penal pela Universidade C\u00e2ndido Mendes. Especialista em Direito e Processo do Trabalho pelo Instituto Dam\u00e1sio de Direito. P\u00f3s-graduanda em Direito Digital [&hellip;]\" \/>\n<meta property=\"og:url\" content=\"https:\/\/pffa.com.br\/en\/halissa-carvalho-giti\/\" \/>\n<meta property=\"og:site_name\" content=\"Ferr\u00e3o\" \/>\n<meta property=\"article:modified_time\" content=\"2026-04-08T19:19:05+00:00\" \/>\n<meta property=\"og:image\" content=\"https:\/\/pffa.com.br\/wp-content\/uploads\/2024\/08\/PFFA_Advogados-Halissa-_Giti.webp\" \/>\n<meta name=\"twitter:card\" content=\"summary_large_image\" \/>\n<meta name=\"twitter:label1\" content=\"Est. reading time\" \/>\n\t<meta name=\"twitter:data1\" content=\"3 minutes\" \/>\n<script type=\"application\/ld+json\" class=\"yoast-schema-graph\">{\"@context\":\"https:\/\/schema.org\",\"@graph\":[{\"@type\":\"WebPage\",\"@id\":\"https:\/\/pffa.com.br\/halissa-carvalho-giti\/\",\"url\":\"https:\/\/pffa.com.br\/halissa-carvalho-giti\/\",\"name\":\"Halissa Carvalho Giti - Ferr\u00e3o\",\"isPartOf\":{\"@id\":\"https:\/\/pffa.com.br\/#website\"},\"primaryImageOfPage\":{\"@id\":\"https:\/\/pffa.com.br\/halissa-carvalho-giti\/#primaryimage\"},\"image\":{\"@id\":\"https:\/\/pffa.com.br\/halissa-carvalho-giti\/#primaryimage\"},\"thumbnailUrl\":\"https:\/\/pffa.com.br\/wp-content\/uploads\/2024\/08\/PFFA_Advogados-Halissa-_Giti.webp\",\"datePublished\":\"2024-10-28T20:07:33+00:00\",\"dateModified\":\"2026-04-08T19:19:05+00:00\",\"breadcrumb\":{\"@id\":\"https:\/\/pffa.com.br\/halissa-carvalho-giti\/#breadcrumb\"},\"inLanguage\":\"en-US\",\"potentialAction\":[{\"@type\":\"ReadAction\",\"target\":[\"https:\/\/pffa.com.br\/halissa-carvalho-giti\/\"]}]},{\"@type\":\"ImageObject\",\"inLanguage\":\"en-US\",\"@id\":\"https:\/\/pffa.com.br\/halissa-carvalho-giti\/#primaryimage\",\"url\":\"https:\/\/pffa.com.br\/wp-content\/uploads\/2024\/08\/PFFA_Advogados-Halissa-_Giti.webp\",\"contentUrl\":\"https:\/\/pffa.com.br\/wp-content\/uploads\/2024\/08\/PFFA_Advogados-Halissa-_Giti.webp\"},{\"@type\":\"BreadcrumbList\",\"@id\":\"https:\/\/pffa.com.br\/halissa-carvalho-giti\/#breadcrumb\",\"itemListElement\":[{\"@type\":\"ListItem\",\"position\":1,\"name\":\"In\u00edcio\",\"item\":\"https:\/\/pffa.com.br\/\"},{\"@type\":\"ListItem\",\"position\":2,\"name\":\"Halissa Carvalho Giti\"}]},{\"@type\":\"WebSite\",\"@id\":\"https:\/\/pffa.com.br\/#website\",\"url\":\"https:\/\/pffa.com.br\/\",\"name\":\"Ferr\u00e3o\",\"description\":\"Ferr\u00e3o &amp; Ferr\u00e3o Advogados Associados\",\"potentialAction\":[{\"@type\":\"SearchAction\",\"target\":{\"@type\":\"EntryPoint\",\"urlTemplate\":\"https:\/\/pffa.com.br\/?s={search_term_string}\"},\"query-input\":\"required name=search_term_string\"}],\"inLanguage\":\"en-US\"}]}<\/script>\n<!-- \/ Yoast SEO plugin. -->","yoast_head_json":{"title":"Halissa Carvalho Giti - Ferr\u00e3o","robots":{"index":"index","follow":"follow","max-snippet":"max-snippet:-1","max-image-preview":"max-image-preview:large","max-video-preview":"max-video-preview:-1"},"canonical":"https:\/\/pffa.com.br\/en\/halissa-carvalho-giti\/","og_locale":"en_US","og_type":"article","og_title":"Halissa Carvalho Giti - Ferr\u00e3o","og_description":"Halissa Carvalho Giti Advogada associada do Ferr\u00e3o &amp; Ferr\u00e3o Advogados Associados.Atuante em Direito Digital e Prote\u00e7\u00e3o de Dados Pessoais. Especialista em Processo Civil pela Est\u00e1cio de S\u00e1 \/ CERS. Especialista em Direito e Processo Penal pela Universidade C\u00e2ndido Mendes. Especialista em Direito e Processo do Trabalho pelo Instituto Dam\u00e1sio de Direito. P\u00f3s-graduanda em Direito Digital [&hellip;]","og_url":"https:\/\/pffa.com.br\/en\/halissa-carvalho-giti\/","og_site_name":"Ferr\u00e3o","article_modified_time":"2026-04-08T19:19:05+00:00","og_image":[{"url":"https:\/\/pffa.com.br\/wp-content\/uploads\/2024\/08\/PFFA_Advogados-Halissa-_Giti.webp"}],"twitter_card":"summary_large_image","twitter_misc":{"Est. reading time":"3 minutes"},"schema":{"@context":"https:\/\/schema.org","@graph":[{"@type":"WebPage","@id":"https:\/\/pffa.com.br\/halissa-carvalho-giti\/","url":"https:\/\/pffa.com.br\/halissa-carvalho-giti\/","name":"Halissa Carvalho Giti - Ferr\u00e3o","isPartOf":{"@id":"https:\/\/pffa.com.br\/#website"},"primaryImageOfPage":{"@id":"https:\/\/pffa.com.br\/halissa-carvalho-giti\/#primaryimage"},"image":{"@id":"https:\/\/pffa.com.br\/halissa-carvalho-giti\/#primaryimage"},"thumbnailUrl":"https:\/\/pffa.com.br\/wp-content\/uploads\/2024\/08\/PFFA_Advogados-Halissa-_Giti.webp","datePublished":"2024-10-28T20:07:33+00:00","dateModified":"2026-04-08T19:19:05+00:00","breadcrumb":{"@id":"https:\/\/pffa.com.br\/halissa-carvalho-giti\/#breadcrumb"},"inLanguage":"en-US","potentialAction":[{"@type":"ReadAction","target":["https:\/\/pffa.com.br\/halissa-carvalho-giti\/"]}]},{"@type":"ImageObject","inLanguage":"en-US","@id":"https:\/\/pffa.com.br\/halissa-carvalho-giti\/#primaryimage","url":"https:\/\/pffa.com.br\/wp-content\/uploads\/2024\/08\/PFFA_Advogados-Halissa-_Giti.webp","contentUrl":"https:\/\/pffa.com.br\/wp-content\/uploads\/2024\/08\/PFFA_Advogados-Halissa-_Giti.webp"},{"@type":"BreadcrumbList","@id":"https:\/\/pffa.com.br\/halissa-carvalho-giti\/#breadcrumb","itemListElement":[{"@type":"ListItem","position":1,"name":"In\u00edcio","item":"https:\/\/pffa.com.br\/"},{"@type":"ListItem","position":2,"name":"Halissa Carvalho Giti"}]},{"@type":"WebSite","@id":"https:\/\/pffa.com.br\/#website","url":"https:\/\/pffa.com.br\/","name":"Ferr\u00e3o","description":"Ferr\u00e3o &amp; Ferr\u00e3o Advogados Associados","potentialAction":[{"@type":"SearchAction","target":{"@type":"EntryPoint","urlTemplate":"https:\/\/pffa.com.br\/?s={search_term_string}"},"query-input":"required name=search_term_string"}],"inLanguage":"en-US"}]}},"_links":{"self":[{"href":"https:\/\/pffa.com.br\/en\/wp-json\/wp\/v2\/pages\/1426","targetHints":{"allow":["GET"]}}],"collection":[{"href":"https:\/\/pffa.com.br\/en\/wp-json\/wp\/v2\/pages"}],"about":[{"href":"https:\/\/pffa.com.br\/en\/wp-json\/wp\/v2\/types\/page"}],"author":[{"embeddable":true,"href":"https:\/\/pffa.com.br\/en\/wp-json\/wp\/v2\/users\/1"}],"replies":[{"embeddable":true,"href":"https:\/\/pffa.com.br\/en\/wp-json\/wp\/v2\/comments?post=1426"}],"version-history":[{"count":7,"href":"https:\/\/pffa.com.br\/en\/wp-json\/wp\/v2\/pages\/1426\/revisions"}],"predecessor-version":[{"id":1943,"href":"https:\/\/pffa.com.br\/en\/wp-json\/wp\/v2\/pages\/1426\/revisions\/1943"}],"wp:attachment":[{"href":"https:\/\/pffa.com.br\/en\/wp-json\/wp\/v2\/media?parent=1426"}],"curies":[{"name":"wp","href":"https:\/\/api.w.org\/{rel}","templated":true}]}}